{"id":5879,"date":"2022-11-10T13:25:12","date_gmt":"2022-11-10T13:25:12","guid":{"rendered":"http:\/\/sitesempresas.com\/amplitude\/?page_id=5879"},"modified":"2023-02-03T16:24:42","modified_gmt":"2023-02-03T16:24:42","slug":"seguro-automovel-2","status":"publish","type":"page","link":"https:\/\/www.amplitudeseguros.com\/fr\/seguros\/seguros-empresas\/seguro-automovel-2\/","title":{"rendered":"Assurance automobile"},"content":{"rendered":"<div data-elementor-type=\"wp-page\" data-elementor-id=\"5879\" class=\"elementor elementor-5879\">\n\t\t\t\t\t\t<section class=\"elementor-section elementor-top-section elementor-element elementor-element-2d29be5 elementor-section-full_width service-details-page elementor-reverse-tablet elementor-reverse-mobile elementor-section-height-default elementor-section-height-default\" data-id=\"2d29be5\" data-element_type=\"section\" data-e-type=\"section\">\n\t\t\t\t\t\t<div class=\"elementor-container elementor-column-gap-default\">\n\t\t\t\t\t<div class=\"elementor-column elementor-col-100 elementor-top-column elementor-element elementor-element-0b640b9\" data-id=\"0b640b9\" data-element_type=\"column\" data-e-type=\"column\">\n\t\t\t<div class=\"elementor-widget-wrap elementor-element-populated\">\n\t\t\t\t\t\t<div class=\"elementor-element elementor-element-0d565fb service-details-thumbnail elementor-widget elementor-widget-image\" data-id=\"0d565fb\" data-element_type=\"widget\" data-e-type=\"widget\" data-widget_type=\"image.default\">\n\t\t\t\t<div class=\"elementor-widget-container\">\n\t\t\t\t\t\t\t\t\t\t\t\t\t\t\t<img fetchpriority=\"high\" decoding=\"async\" width=\"1470\" height=\"660\" src=\"https:\/\/www.amplitudeseguros.com\/wp-content\/uploads\/2022\/11\/Seguro-Automovel-1470x660.webp\" class=\"attachment-sultin-blog-standard size-sultin-blog-standard wp-image-5780\" alt=\"\" \/>\t\t\t\t\t\t\t\t\t\t\t\t\t\t\t<\/div>\n\t\t\t\t<\/div>\n\t\t\t\t<div class=\"elementor-element elementor-element-b3090d5 elementor-widget elementor-widget-heading\" data-id=\"b3090d5\" data-element_type=\"widget\" data-e-type=\"widget\" data-widget_type=\"heading.default\">\n\t\t\t\t<div class=\"elementor-widget-container\">\n\t\t\t\t\t<h2 class=\"elementor-heading-title elementor-size-default\">Assurance automobile<\/h2>\t\t\t\t<\/div>\n\t\t\t\t<\/div>\n\t\t\t\t<div class=\"elementor-element elementor-element-ef33357 elementor-widget elementor-widget-text-editor\" data-id=\"ef33357\" data-element_type=\"widget\" data-e-type=\"widget\" data-widget_type=\"text-editor.default\">\n\t\t\t\t<div class=\"elementor-widget-container\">\n\t\t\t\t\t\t\t\t\t<section class=\"text\"><p>Les propri\u00e9taires de v\u00e9hicules sont responsables des dommages qu'ils peuvent causer \u00e0 des tiers et, en cas d'accident, ils peuvent \u00eatre amen\u00e9s \u00e0 verser des indemnit\u00e9s importantes. Afin de prot\u00e9ger les int\u00e9r\u00eats des personnes l\u00e9s\u00e9es, qui ont droit \u00e0 la r\u00e9paration de leurs pr\u00e9judices, que la personne responsable de l'accident ait ou non les moyens de le faire, l'assurance responsabilit\u00e9 civile des v\u00e9hicules terrestres \u00e0 moteur et de leurs remorques est obligatoire.<\/p><p>Un v\u00e9hicule pour lequel aucune assurance responsabilit\u00e9 civile n'a \u00e9t\u00e9 souscrite est en situation irr\u00e9guli\u00e8re. Selon la loi, le v\u00e9hicule peut \u00eatre mis en fourri\u00e8re et son propri\u00e9taire peut devoir payer une amende.<\/p><p>\u00a0L'assurance obligatoire garantit la r\u00e9paration des dommages corporels et mat\u00e9riels caus\u00e9s aux tiers et aux personnes transport\u00e9es, \u00e0 l'exception du conducteur du v\u00e9hicule.<\/p><p>Une large gamme de couvertures optionnelles peut \u00eatre souscrite pour prot\u00e9ger la voiture et ses occupants.<\/p><p>Les entreprises poss\u00e9dant plus de 5 v\u00e9hicules ont la possibilit\u00e9 d'opter pour l'option Flotte, qui pr\u00e9sente des avantages en termes de gestion administrative, de gestion de tr\u00e9sorerie et de stabilit\u00e9 des prix.<\/p><\/section>\t\t\t\t\t\t\t\t<\/div>\n\t\t\t\t<\/div>\n\t\t\t\t\t<\/div>\n\t\t<\/div>\n\t\t\t\t\t<\/div>\n\t\t<\/section>\n\t\t\t\t<section class=\"elementor-section elementor-top-section elementor-element elementor-element-d68a177 elementor-section-stretched elementor-section-boxed elementor-section-height-default elementor-section-height-default\" data-id=\"d68a177\" data-element_type=\"section\" data-e-type=\"section\" data-settings=\"{&quot;stretch_section&quot;:&quot;section-stretched&quot;,&quot;background_background&quot;:&quot;classic&quot;}\">\n\t\t\t\t\t\t<div class=\"elementor-container elementor-column-gap-default\">\n\t\t\t\t\t<div class=\"elementor-column elementor-col-100 elementor-top-column elementor-element elementor-element-105a0a5\" data-id=\"105a0a5\" data-element_type=\"column\" data-e-type=\"column\">\n\t\t\t<div class=\"elementor-widget-wrap elementor-element-populated\">\n\t\t\t\t\t\t<div class=\"elementor-element elementor-element-7ab624b elementor-widget elementor-widget-heading\" data-id=\"7ab624b\" data-element_type=\"widget\" data-e-type=\"widget\" data-widget_type=\"heading.default\">\n\t\t\t\t<div class=\"elementor-widget-container\">\n\t\t\t\t\t<h2 class=\"elementor-heading-title elementor-size-default\">Avantages<\/h2>\t\t\t\t<\/div>\n\t\t\t\t<\/div>\n\t\t\t\t<div class=\"elementor-element elementor-element-8147555 elementor-widget elementor-widget-text-editor\" data-id=\"8147555\" data-element_type=\"widget\" data-e-type=\"widget\" data-widget_type=\"text-editor.default\">\n\t\t\t\t<div class=\"elementor-widget-container\">\n\t\t\t\t\t\t\t\t\t<section class=\"text\"><ul><li>Politiques relatives aux flottes : il est avantageux de proc\u00e9der \u00e0 une bonne gestion des risques li\u00e9s aux flottes automobiles des entreprises. Un bon historique d'absence de sinistres en responsabilit\u00e9 civile r\u00e9compense les entreprises par le biais d'un syst\u00e8me de subvention des prix de l'assurance, ce qui rend l'assurance plus \u00e9conomique.<\/li><li>L'assurance automobile s'adapte au profil de risque de chaque client et il existe une grande flexibilit\u00e9 dans la souscription d'une couverture.<\/li><\/ul><\/section>\t\t\t\t\t\t\t\t<\/div>\n\t\t\t\t<\/div>\n\t\t\t\t\t<\/div>\n\t\t<\/div>\n\t\t\t\t\t<\/div>\n\t\t<\/section>\n\t\t\t\t<section class=\"elementor-section elementor-top-section elementor-element elementor-element-beb2f0f elementor-section-boxed elementor-section-height-default elementor-section-height-default\" data-id=\"beb2f0f\" data-element_type=\"section\" data-e-type=\"section\">\n\t\t\t\t\t\t<div class=\"elementor-container elementor-column-gap-default\">\n\t\t\t\t\t<div class=\"elementor-column elementor-col-100 elementor-top-column elementor-element elementor-element-5396f6a\" data-id=\"5396f6a\" data-element_type=\"column\" data-e-type=\"column\">\n\t\t\t<div class=\"elementor-widget-wrap elementor-element-populated\">\n\t\t\t\t\t\t<div class=\"elementor-element elementor-element-9fca0a6 elementor-widget elementor-widget-heading\" data-id=\"9fca0a6\" data-element_type=\"widget\" data-e-type=\"widget\" data-widget_type=\"heading.default\">\n\t\t\t\t<div class=\"elementor-widget-container\">\n\t\t\t\t\t<h2 class=\"elementor-heading-title elementor-size-default\">Couverture<\/h2>\t\t\t\t<\/div>\n\t\t\t\t<\/div>\n\t\t\t\t<div class=\"elementor-element elementor-element-ed8c1d9 elementor-widget elementor-widget-eael-adv-tabs\" data-id=\"ed8c1d9\" data-element_type=\"widget\" data-e-type=\"widget\" data-widget_type=\"eael-adv-tabs.default\">\n\t\t\t\t<div class=\"elementor-widget-container\">\n\t\t\t\t\t        <div data-scroll-on-click=\"no\" data-scroll-speed=\"300\" id=\"eael-advance-tabs-ed8c1d9\" class=\"eael-advance-tabs eael-tabs-horizontal eael-tab-auto-active\" data-tabid=\"ed8c1d9\">\n            <div class=\"eael-tabs-nav\">\n                <ul class=\"eael-tab-inline-icon\" role=\"tablist\">\n                                            <li id=\"cobertura-obrigatria\" class=\"inactive eael-tab-item-trigger eael-tab-nav-item\" aria-selected=\"true\" data-tab=\"1\" role=\"tab\" tabindex=\"0\" aria-controls=\"cobertura-obrigatria-tab\" aria-expanded=\"false\">\n                            \n                                                                                                                            \n                                                            <span class=\"eael-tab-title title-after-icon\" >Couverture obligatoire<\/span>                            \n                                                    <\/li>\n                                            <li id=\"principais-coberturas-facultativas\" class=\"inactive eael-tab-item-trigger eael-tab-nav-item\" aria-selected=\"false\" data-tab=\"2\" role=\"tab\" tabindex=\"-1\" aria-controls=\"principais-coberturas-facultativas-tab\" aria-expanded=\"false\">\n                            \n                                                                                                                            \n                                                            <span class=\"eael-tab-title title-after-icon\" >Principales couvertures optionnelles<\/span>                            \n                                                    <\/li>\n                    \n                                  <\/ul>\n            <\/div>\n            \n            <div class=\"eael-tabs-content\">\n\t\t        \n                    <div id=\"cobertura-obrigatria-tab\" class=\"clearfix eael-tab-content-item inactive\" data-title-link=\"cobertura-obrigatria-tab\">\n\t\t\t\t        <section class=\"text\"><section class=\"text\">Responsabilit\u00e9 civile (\"aux tiers\") pour les v\u00e9hicules terrestres \u00e0 moteur et leurs remorques avec un capital minimum obligatoire de 7,75 millions d'euros (6,45 millions pour les dommages corporels et 1,30 million pour les dommages mat\u00e9riels). Elle garantit la r\u00e9paration des dommages corporels et\/ou mat\u00e9riels caus\u00e9s aux tiers, ainsi qu'aux personnes transport\u00e9es, \u00e0 l'exception du conducteur du v\u00e9hicule et du preneur d'assurance (y compris leurs conjoints et membres de la famille respectifs).<\/section><\/section>                    <\/div>\n\t\t        \n                    <div id=\"principais-coberturas-facultativas-tab\" class=\"clearfix eael-tab-content-item inactive\" data-title-link=\"principais-coberturas-facultativas-tab\">\n\t\t\t\t        <ul><li class=\"text\">Capital Facultativo &#8211; em responsabilidade civil superior ao m\u00ednimo obrigat\u00f3rio, alargando assim o \u00e2mbito da responsabilidade coberta;<\/li><li class=\"text\">Prote\u00e7\u00e3o Jur\u00eddica &#8211; representa\u00e7\u00e3o judicial ou extrajudicial dos interesses do tomador de seguro, cau\u00e7\u00f5es e reclama\u00e7\u00f5es por repara\u00e7\u00e3o defeituosa em consequ\u00eancia de acidente de via\u00e7\u00e3o;<\/li><li class=\"text\">Accidents personnels des occupants du v\u00e9hicule - versement pr\u00e9d\u00e9fini d'un capital en cas de d\u00e9c\u00e8s ou d'invalidit\u00e9 permanente, d'une indemnit\u00e9 journali\u00e8re pour les frais d'hospitalisation et de traitement des occupants du v\u00e9hicule assur\u00e9 (y compris le conducteur) \u00e0 la suite d'un accident de la circulation ;<\/li><li class=\"text\">Dommages propres - pour couvrir les pertes subies par le v\u00e9hicule assur\u00e9 m\u00eame si le conducteur est responsable de l'accident, conform\u00e9ment \u00e0 la couverture qui peut \u00eatre contract\u00e9e, \u00e0 savoir r\u00e9sultant d'une collision, d'un accident et d'un renversement, d'un vol ou d'un vol qualifi\u00e9, d'un incendie, de la foudre ou d'une explosion, d'actes malveillants et de ph\u00e9nom\u00e8nes naturels ;<\/li><li class=\"text\">Quebra Isolada de Vidros &#8211; danos em virtude de quebra isolada dos vidros, para-brisas, \u00f3culo traseiro e vidros laterais do ve\u00edculo seguro.<\/li><li class=\"text\">Priva\u00e7\u00e3o Tempor\u00e1ria de Uso e\/ou Ve\u00edculo de Substitui\u00e7\u00e3o &#8211; pagamento de uma compensa\u00e7\u00e3o pelos preju\u00edzos decorrentes de priva\u00e7\u00e3o for\u00e7ada do uso do ve\u00edculo seguro;<\/li><li class=\"text\">Assist\u00eancia em Viagem &#8211; para o ve\u00edculo e passageiros, a qual poder\u00e1 conceder ao tomador do seguro, em caso de acidente ou avaria, a assist\u00eancia necess\u00e1ria para o reboque do seu ve\u00edculo, o transporte e desloca\u00e7\u00e3o de pessoas e bens, e, em alguns casos, o fornecimento de um outro ve\u00edculo at\u00e9 ao final da viagem;<\/li><\/ul>                    <\/div>\n\t\t                    <\/div>\n        <\/div>\n\t\t\t\t<\/div>\n\t\t\t\t<\/div>\n\t\t\t\t\t<\/div>\n\t\t<\/div>\n\t\t\t\t\t<\/div>\n\t\t<\/section>\n\t\t\t\t<section class=\"elementor-section elementor-top-section elementor-element elementor-element-613fe6a elementor-section-stretched elementor-section-boxed elementor-section-height-default elementor-section-height-default\" data-id=\"613fe6a\" data-element_type=\"section\" data-e-type=\"section\" data-settings=\"{&quot;stretch_section&quot;:&quot;section-stretched&quot;,&quot;background_background&quot;:&quot;classic&quot;}\">\n\t\t\t\t\t\t<div class=\"elementor-container elementor-column-gap-default\">\n\t\t\t\t\t<div class=\"elementor-column elementor-col-100 elementor-top-column elementor-element elementor-element-c2b8937\" data-id=\"c2b8937\" data-element_type=\"column\" data-e-type=\"column\">\n\t\t\t<div class=\"elementor-widget-wrap elementor-element-populated\">\n\t\t\t\t\t\t<div class=\"elementor-element elementor-element-a10e878 elementor-widget elementor-widget-heading\" data-id=\"a10e878\" data-element_type=\"widget\" data-e-type=\"widget\" data-widget_type=\"heading.default\">\n\t\t\t\t<div class=\"elementor-widget-container\">\n\t\t\t\t\t<h2 class=\"elementor-heading-title elementor-size-default\">Prenez soin de vous<\/h2>\t\t\t\t<\/div>\n\t\t\t\t<\/div>\n\t\t\t\t<div class=\"elementor-element elementor-element-6ebe37c elementor-widget elementor-widget-sultin_widget_accordion\" data-id=\"6ebe37c\" data-element_type=\"widget\" data-e-type=\"widget\" data-widget_type=\"sultin_widget_accordion.default\">\n\t\t\t\t<div class=\"elementor-widget-container\">\n\t\t\t\t\t \r\n    <!-- ===== Design One ===== -->          \r\n    <div id=\"sultin-accordion-box-1002\">\r\n                <div class=\"sultin-accordion-item  active\">\r\n        <p class=\"sultin-accordion-title sultin-acc-tab-title\">Est-il possible de souscrire une assurance \"tous risques\" ?<span class=\"sultin-accordion__item-icon normal\"><i class=\"fa fa-chevron-down\"><\/i><\/span>\r\n\t\t\t\t<span class=\"sultin-accordion__item-icon active\"><i class=\"fa fa-chevron-up\"><\/i><\/span><\/p>\r\n            <div class=\"sultin-accordion-content\">\r\n            <p>Bien que l'on entende souvent parler d'\"assurance tous risques\", aucun contrat d'assurance ne couvre tous les risques. En g\u00e9n\u00e9ral, ce terme d\u00e9signe une assurance qui couvre \u00e9galement les dommages propres. Ce type d'assurance couvre les dommages caus\u00e9s au v\u00e9hicule assur\u00e9, m\u00eame dans les situations o\u00f9 le conducteur est responsable de l'accident. Parmi les garanties qui peuvent \u00eatre souscrites, on peut citer : la garantie choc, collision et renversement, la garantie incendie, foudre et explosion et la garantie vol ou cambriolage.<\/p>            <\/div>\r\n\r\n        <\/div>\r\n                <div class=\"sultin-accordion-item\">\r\n        <p class=\"sultin-accordion-title sultin-acc-tab-title\">La franchise a-t-elle une incidence sur le prix de l'assurance ?<span class=\"sultin-accordion__item-icon normal\"><i class=\"fa fa-chevron-down\"><\/i><\/span>\r\n\t\t\t\t<span class=\"sultin-accordion__item-icon active\"><i class=\"fa fa-chevron-up\"><\/i><\/span><\/p>\r\n            <div class=\"sultin-accordion-content\">\r\n            <p>La franchise est le montant qui reste \u00e0 la charge de l'assur\u00e9 en cas de sinistre. Elle r\u00e9duit le prix de l'assurance car elle rend le preneur d'assurance responsable d'une partie du sinistre. La franchise, lorsqu'elle existe, est d\u00e9finie dans les conditions particuli\u00e8res de la police d'assurance. Elle peut \u00eatre un montant fixe ou un pourcentage du capital ou des dommages assur\u00e9s. Dans le cas de la couverture des dommages propres, le montant de la franchise est d\u00e9duit de l'indemnit\u00e9 due par l'assureur au preneur d'assurance.<\/p>            <\/div>\r\n\r\n        <\/div>\r\n                <div class=\"sultin-accordion-item\">\r\n        <p class=\"sultin-accordion-title sultin-acc-tab-title\">Quelles sont les informations \u00e0 demander et \u00e0 analyser avant de choisir une assurance automobile ?<span class=\"sultin-accordion__item-icon normal\"><i class=\"fa fa-chevron-down\"><\/i><\/span>\r\n\t\t\t\t<span class=\"sultin-accordion__item-icon active\"><i class=\"fa fa-chevron-up\"><\/i><\/span><\/p>\r\n            <div class=\"sultin-accordion-content\">\r\n            <p>Avant de souscrire une assurance automobile, il convient de demander \u00e0 l'assureur les informations suivantes : le prix des garanties obligatoires et des garanties facultatives ; les risques couverts et ceux qui sont exclus ; les options de franchise et leur impact sur le prix de l'assurance ; le tableau des p\u00e9nalit\u00e9s et des primes ; les pays o\u00f9 les diff\u00e9rentes garanties sont valables ; les crit\u00e8res utilis\u00e9s par l'assureur pour d\u00e9terminer et mettre \u00e0 jour la valeur du v\u00e9hicule assur\u00e9 (dans le cas d'une assurance dommages) et le tableau de d\u00e9pr\u00e9ciation respectif.<\/p>            <\/div>\r\n\r\n        <\/div>\r\n                <div class=\"sultin-accordion-item\">\r\n        <p class=\"sultin-accordion-title sultin-acc-tab-title\">Comment la valeur du v\u00e9hicule est-elle actualis\u00e9e dans l'assurance dommages ?<span class=\"sultin-accordion__item-icon normal\"><i class=\"fa fa-chevron-down\"><\/i><\/span>\r\n\t\t\t\t<span class=\"sultin-accordion__item-icon active\"><i class=\"fa fa-chevron-up\"><\/i><\/span><\/p>\r\n            <div class=\"sultin-accordion-content\">\r\n            <p>La valeur assur\u00e9e du v\u00e9hicule, qui sert \u00e0 calculer l'indemnisation en cas de perte totale, doit \u00eatre mise \u00e0 jour automatiquement par l'assureur chaque ann\u00e9e, selon un tableau de d\u00e9valuation d\u00e9fini dans le contrat. La mise \u00e0 jour tient compte de l'\u00e2ge du v\u00e9hicule et de son prix \u00e0 l'\u00e9tat neuf. L'assureur et le preneur d'assurance peuvent \u00e9galement convenir d'une autre valeur, pour autant qu'elle soit raisonnable.<\/p>            <\/div>\r\n\r\n        <\/div>\r\n                <div class=\"sultin-accordion-item\">\r\n        <p class=\"sultin-accordion-title sultin-acc-tab-title\">Si je vends la voiture, l'assurance est-elle transf\u00e9r\u00e9e au nouveau propri\u00e9taire ?<span class=\"sultin-accordion__item-icon normal\"><i class=\"fa fa-chevron-down\"><\/i><\/span>\r\n\t\t\t\t<span class=\"sultin-accordion__item-icon active\"><i class=\"fa fa-chevron-up\"><\/i><\/span><\/p>\r\n            <div class=\"sultin-accordion-content\">\r\n            <p>Non. L'assurance prend fin \u00e0 24 heures le jour de la vente, le nouveau propri\u00e9taire doit donc souscrire un autre contrat d'assurance. Le preneur d'assurance doit imm\u00e9diatement informer son assureur de la vente du v\u00e9hicule.<\/p>            <\/div>\r\n\r\n        <\/div>\r\n                <div class=\"sultin-accordion-item\">\r\n        <p class=\"sultin-accordion-title sultin-acc-tab-title\">Autres aspects \u00e0 prendre en compte :<span class=\"sultin-accordion__item-icon normal\"><i class=\"fa fa-chevron-down\"><\/i><\/span>\r\n\t\t\t\t<span class=\"sultin-accordion__item-icon active\"><i class=\"fa fa-chevron-up\"><\/i><\/span><\/p>\r\n            <div class=\"sultin-accordion-content\">\r\n            <ul><li>Vous devez toujours d\u00e9tailler et \u00e9valuer tous les \u00e9quipements optionnels de votre voiture dans la proposition d'assurance, sinon vous ne serez pas couvert par l'assurance.<\/li><li>Dans la garantie Ph\u00e9nom\u00e8nes naturels, certaines polices propos\u00e9es par les assureurs ne couvrent pas les dommages caus\u00e9s par la gr\u00eale.<\/li><li>Certains assureurs appliquent des franchises plus \u00e9lev\u00e9es si le client choisit de faire appel aux ateliers de son choix plut\u00f4t qu'aux ateliers agr\u00e9\u00e9s par l'assureur.<\/li><\/ul>            <\/div>\r\n\r\n        <\/div>\r\n            <\/div> \r\n\t\t\t\t<\/div>\n\t\t\t\t<\/div>\n\t\t\t\t<div class=\"elementor-element elementor-element-4db5793 elementor-widget elementor-widget-text-editor\" data-id=\"4db5793\" data-element_type=\"widget\" data-e-type=\"widget\" data-widget_type=\"text-editor.default\">\n\t\t\t\t<div class=\"elementor-widget-container\">\n\t\t\t\t\t\t\t\t\t<section class=\"text\"><p><em>D\u00e9cret-loi n\u00b0 291\/2007 - Assurance obligatoire <a title=\"D\u00e9cret-loi 291-2007 Assurance automobile obligatoire.PDF\" href=\"https:\/\/www.amplitudeseguros.com\/fr\/pt\/media\/5472\/decreto-lei-291-2007-seguro-automovel-obrigatorio.pdf\/\">Voir ici<\/a><\/em><\/p><\/section>\t\t\t\t\t\t\t\t<\/div>\n\t\t\t\t<\/div>\n\t\t\t\t<div class=\"elementor-element elementor-element-294cb77 elementor-widget elementor-widget-text-editor\" data-id=\"294cb77\" data-element_type=\"widget\" data-e-type=\"widget\" data-widget_type=\"text-editor.default\">\n\t\t\t\t<div class=\"elementor-widget-container\">\n\t\t\t\t\t\t\t\t\t<section class=\"text\"><p><em>Les informations contenues dans ce site sont purement indicatives. Les droits et obligations des parties sont \u00e9nonc\u00e9s dans les Propositions, Conditions\u00a0<\/em><em>Sp\u00e9cial\u00a0<\/em><em>Les polices d'assurance g\u00e9n\u00e9rale applicables.<\/em><\/p><\/section>\t\t\t\t\t\t\t\t<\/div>\n\t\t\t\t<\/div>\n\t\t\t\t\t<\/div>\n\t\t<\/div>\n\t\t\t\t\t<\/div>\n\t\t<\/section>\n\t\t\t\t<\/div>","protected":false},"excerpt":{"rendered":"<p>Seguro Autom\u00f3vel Os propriet\u00e1rios de ve\u00edculos s\u00e3o respons\u00e1veis pelos preju\u00edzos que estes possam causar a terceiros e em caso de acidente podem ter de pagar indemniza\u00e7\u00f5es elevadas. Para proteger os interesses dos \u00a0lesados, que t\u00eam direito a que os seus preju\u00edzos sejam pagos, independentemente de o respons\u00e1vel pelo acidente ter ou n\u00e3o condi\u00e7\u00f5es financeiras para [&hellip;]<\/p>\n","protected":false},"author":1,"featured_media":0,"parent":5715,"menu_order":0,"comment_status":"closed","ping_status":"closed","template":"","meta":{"_acf_changed":false,"footnotes":""},"class_list":["post-5879","page","type-page","status-publish","hentry"],"acf":[],"_links":{"self":[{"href":"https:\/\/www.amplitudeseguros.com\/fr\/wp-json\/wp\/v2\/pages\/5879","targetHints":{"allow":["GET"]}}],"collection":[{"href":"https:\/\/www.amplitudeseguros.com\/fr\/wp-json\/wp\/v2\/pages"}],"about":[{"href":"https:\/\/www.amplitudeseguros.com\/fr\/wp-json\/wp\/v2\/types\/page"}],"author":[{"embeddable":true,"href":"https:\/\/www.amplitudeseguros.com\/fr\/wp-json\/wp\/v2\/users\/1"}],"replies":[{"embeddable":true,"href":"https:\/\/www.amplitudeseguros.com\/fr\/wp-json\/wp\/v2\/comments?post=5879"}],"version-history":[{"count":40,"href":"https:\/\/www.amplitudeseguros.com\/fr\/wp-json\/wp\/v2\/pages\/5879\/revisions"}],"predecessor-version":[{"id":7232,"href":"https:\/\/www.amplitudeseguros.com\/fr\/wp-json\/wp\/v2\/pages\/5879\/revisions\/7232"}],"up":[{"embeddable":true,"href":"https:\/\/www.amplitudeseguros.com\/fr\/wp-json\/wp\/v2\/pages\/5715"}],"wp:attachment":[{"href":"https:\/\/www.amplitudeseguros.com\/fr\/wp-json\/wp\/v2\/media?parent=5879"}],"curies":[{"name":"wp","href":"https:\/\/api.w.org\/{rel}","templated":true}]}}